{"id":3259,"date":"2025-09-08T07:59:51","date_gmt":"2025-09-08T07:59:51","guid":{"rendered":"https:\/\/inmemoriam.iwn.co\/nayttelyt\/verkkonayttelyyn-tutustuvalle\/tommi-nevalaisen-sanat\/"},"modified":"2025-11-28T10:06:28","modified_gmt":"2025-11-28T10:06:28","slug":"arbetet-for-att-spara-poliser-som-dott-i-tjanst","status":"publish","type":"page","link":"https:\/\/poliisisurmat.poliisimuseo.fi\/sv\/utstallningar\/till-dig-som-tar-del-av-webbutstallningen\/arbetet-for-att-spara-poliser-som-dott-i-tjanst\/","title":{"rendered":"Arbetet f\u00f6r att sp\u00e5ra poliser som d\u00f6tt i tj\u00e4nst"},"content":{"rendered":"\n<div class=\"section3-block\">\n\t<div class=\"acf-gallery-carousel\">\n\n\t\t<!-- Main Image Swiper -->\n\t\t<div class=\"swiper main-swiper\">\n\t\t\t<div class=\"swiper-wrapper\">\n\t\t\t\t\t\t\t\t\t\t\t\t\t\n\t\t\t\t\n\t\t\t\t\t<div class=\"swiper-slide\">\n\t\t\t\t\t\t<img decoding=\"async\" src=\"https:\/\/poliisisurmat.poliisimuseo.fi\/wp-content\/uploads\/2025\/10\/239vr1_073-scaled.jpg\" alt=\"Svartvit n\u00e4rbild p\u00e5 en m\u00f6rk minnestavla med ett graverat kors och text. Tavlan \u00e4r delad i tv\u00e5 delar med respektive rubriker p\u00e5 finska: &quot;1939 F\u00d6R FOSTERLANDET 1944&quot; och &quot;F\u00d6R PLIKTEN&quot;. Under rubrikerna finns namn med f\u00f6delse- och d\u00f6dsdatum.\" \/>\n\t\t\t\t\t\t<p class=\"image-caption\">Minnestavla i Tammerfors. Minnestavlor \u00f6ver poliser som d\u00f6tt i tj\u00e4nst finns \u00e5tminstone vid polisinr\u00e4ttningarna i Helsingfors, Sydv\u00e4stra Finland, \u00d6sterbotten, Inre Finland och \u00d6stra Nyland. \n\n<\/p>\n\t\t\t\t\t<\/div>\n\t\t\t\t\t\t\t<\/div>\n\n\t\t\t<!-- Arrows -->\n\t\t\t<div class=\"swiper-button-prev\"><\/div>\n\t\t\t<div class=\"swiper-button-next\"><\/div>\n\t\t<\/div>\n\n\t\t<!-- Thumbnails Swiper -->\n\t\t<div class=\"swiper thumb-swiper\">\n\t\t\t<div class=\"swiper-wrapper\">\n\t\t\t\t\t\t\t\t\t<div class=\"swiper-slide\">\n\t\t\t\t\t\t<img decoding=\"async\" src=\"https:\/\/poliisisurmat.poliisimuseo.fi\/wp-content\/uploads\/2025\/10\/239vr1_073-150x150.jpg\" alt=\"Svartvit n\u00e4rbild p\u00e5 en m\u00f6rk minnestavla med ett graverat kors och text. Tavlan \u00e4r delad i tv\u00e5 delar med respektive rubriker p\u00e5 finska: &quot;1939 F\u00d6R FOSTERLANDET 1944&quot; och &quot;F\u00d6R PLIKTEN&quot;. Under rubrikerna finns namn med f\u00f6delse- och d\u00f6dsdatum.\" \/>\n\t\t\t\t\t<\/div>\n\t\t\t\t\t\t\t<\/div>\n\t\t<\/div>\n\n\t<\/div>\n\n\t<div class=\"taso3-text\">\n\t\t\n\t\t<p>\n\t\t\t<p>Poliser som d\u00f6tt i tj\u00e4nst \u00e4r ett tema som s\u00e4kert intresserar m\u00e5nga, \u00e4ven mig. N\u00e4r jag j\u00e4mf\u00f6rde f\u00f6rteckningar och artiklar om gamla fall m\u00e4rkte jag att de inneh\u00f6ll en hel del motstridigheter. Namnen, dagarna, \u00e5ren och fallen varierade och blandades ihop. Detta b\u00f6rjade besv\u00e4ra mig s\u00e5 mycket s\u00e5 jag best\u00e4mde mig f\u00f6r att unders\u00f6ka \u00e4mnet lite b\u00e4ttre. M\u00e4ngden material varierade stort beroende p\u00e5 fallet.\u00a0 Allt material och all information jag har f\u00e5tt fram kommer fr\u00e5n \u00f6ppna k\u00e4llor. Jag har inte s\u00f6kt n\u00e5gon information om \u00e4mnet i myndigheternas system. Jag har ingen r\u00e4tt att g\u00f6ra det eftersom det inte h\u00f6r till min tj\u00e4nst. Betr\u00e4ffande fallet som g\u00e4llde Tomi Keskinen \u00e4r situationerna delvis f\u00f6rknippade med mina egna minnesbilder av kommunikationen. Jag arbetade n\u00e4mligen sj\u00e4lv under den tragiska natten.<\/p>\n<p>Viktiga k\u00e4llor f\u00f6r mig var tidningarna Suomen Poliisilehti och Poliisimies.\u00a0 \u00c4ven i dem uppt\u00e4ckte jag m\u00e5nga sakfel n\u00e4r jag s\u00f6kte f\u00f6delsetider och -platser. \u00c4ven d\u00f6dstiden var ibland oriktig trots att tidningarna rapporterade om fallen ganska snabbt. Det effektivaste s\u00e4ttet jag kom p\u00e5 f\u00f6r att vara s\u00e4ker p\u00e5 d\u00f6dstiden var att ta reda p\u00e5 vad det st\u00e5r p\u00e5 gravstenen. Det var ett omfattande arbete att reda ut var offren \u00e4r begravda. F\u00f6rsamlingarna och begravningsplatsernas f\u00f6rvaltare hj\u00e4lpte mig i varierande grad. \u00c4ven i detta sammanhang st\u00f6tte jag p\u00e5 de g\u00e4llande dataskyddsbest\u00e4mmelserna och med h\u00e4nvisning till dem v\u00e4grade en del att l\u00e4mna ut uppgifter till mig.<\/p>\n<p>Numera finns det olika s\u00f6ktj\u00e4nster f\u00f6r gravplatser som var till stor hj\u00e4lp. Betr\u00e4ffande en del \u00e4ldre gravar \u00e4r situationen tyv\u00e4rr den att de inte l\u00e4ngre existerar, eftersom det inte finns n\u00e5gon som tar hand om dem. P\u00e5 v\u00e5rarna har jag v\u00e4ntat p\u00e5 att sn\u00f6n ska sm\u00e4lta s\u00e5 att jag f\u00e5r bes\u00f6ka begravningsplatserna. Det enda s\u00e4ttet \u00e4r n\u00e4mligen ofta att systematiskt s\u00f6ka igenom begravningsplatsen f\u00f6r att hitta r\u00e4tt grav. Visst har jag m\u00e5nga g\u00e5nger tr\u00e4ffat begravningsplatsansvariga som hj\u00e4lpt mig hitta en viss grav. Detta arbete har lett till tusentals k\u00f6rkilometrar och under m\u00e5nga somrar har jag anv\u00e4nt ett stort antal lediga dagar och semesterdagar till detta. Och \u00e4nnu finns det m\u00e5nga platser att bes\u00f6ka.<\/p>\n<p>Nationalbibliotekets digitala arkiv har ocks\u00e5 varit en mycket viktig informationsk\u00e4lla. I m\u00e5nga fall har gamla dagstidningar f\u00f6rklarat h\u00e4ndelsef\u00f6rloppet och d\u00f6dsannonser har hj\u00e4lpt mig att hitta gravplatsen och f\u00e5 information om den avlidnes karri\u00e4r och familjef\u00f6rh\u00e5llanden.<\/p>\n<p>Jag upplevde det ocks\u00e5 mycket st\u00f6rande att endast poliser som d\u00f6tt av v\u00e5ldsd\u00e5d ans\u00e5gs ha d\u00f6tt i tj\u00e4nst. Poliser har emellertid d\u00f6tt under arbetsskift i olyckor s\u00e5v\u00e4l under \u00f6vningar, i trafiken som i olika situationer som \u00e4r f\u00f6rknippade med arbetet. En annan grupp som inte beaktats tidigare \u00e4r personer som utf\u00f6rt polisuppgifter under kriget och inte varit vid fronten men som dog till f\u00f6ljd av krigshandlingar, till exempel under bombningar. Jag anser att \u00e4ven dessa personer har d\u00f6tt i tj\u00e4nst. Jag skulle g\u00e4rna se \u00e4ven deras minnesplaketter p\u00e5 v\u00e4ggen. Det har ocks\u00e5 f\u00f6rekommit fall som \u00e4r pinsamma f\u00f6r polisorganisationen. Polisen har varit p\u00e5 sitt skift men gjort n\u00e5gonting helt annat \u00e4n det som h\u00f6rt till arbetsuppgifterna eller vad som \u00e4r l\u00e4mpligt och slutligen har det resulterat i att polisen har d\u00f6tt. De utg\u00f6r en kategori f\u00f6r sig p\u00e5 denna dystra lista.<\/p>\n<p>Under projektet har jag kontaktat sl\u00e4ktingar, makar, barn, syskon och arbetskamrater till en del avlidna. Samtalen har varit givande och v\u00e4ckt starka k\u00e4nslor hos alla parter. Trots att \u00e4ven tr\u00e5kiga minnen har v\u00e4ckts av att jag tagit kontakt, har m\u00e4nniskorna uppskattat att deras avlidna maka eller make, far, sl\u00e4kting och arbetskamrat inte har fallit i gl\u00f6mska. I vissa gamla fall har jag ocks\u00e5 kunnat informera de anh\u00f6riga om h\u00e4ndelsef\u00f6rloppet. Tidigare har personen endast varit en polissl\u00e4kting som avlidit i arbetet.<\/p>\n<p>Tommi Nevalainen<br \/>\nV\u00e4ktare<br \/>\nPolisinr\u00e4ttningen i \u00d6stra Nyland<\/p>\n\t\t<\/p>\n\t<\/div>\n\n<\/div>\n\n","protected":false},"excerpt":{"rendered":"","protected":false},"author":1,"featured_media":0,"parent":3086,"menu_order":0,"comment_status":"closed","ping_status":"closed","template":"","meta":{"_acf_changed":false,"footnotes":""},"class_list":["post-3259","page","type-page","status-publish"],"acf":[],"_links":{"self":[{"href":"https:\/\/poliisisurmat.poliisimuseo.fi\/sv\/wp-json\/wp\/v2\/pages\/3259","targetHints":{"allow":["GET"]}}],"collection":[{"href":"https:\/\/poliisisurmat.poliisimuseo.fi\/sv\/wp-json\/wp\/v2\/pages"}],"about":[{"href":"https:\/\/poliisisurmat.poliisimuseo.fi\/sv\/wp-json\/wp\/v2\/types\/page"}],"author":[{"embeddable":true,"href":"https:\/\/poliisisurmat.poliisimuseo.fi\/sv\/wp-json\/wp\/v2\/users\/1"}],"replies":[{"embeddable":true,"href":"https:\/\/poliisisurmat.poliisimuseo.fi\/sv\/wp-json\/wp\/v2\/comments?post=3259"}],"version-history":[{"count":4,"href":"https:\/\/poliisisurmat.poliisimuseo.fi\/sv\/wp-json\/wp\/v2\/pages\/3259\/revisions"}],"predecessor-version":[{"id":4271,"href":"https:\/\/poliisisurmat.poliisimuseo.fi\/sv\/wp-json\/wp\/v2\/pages\/3259\/revisions\/4271"}],"up":[{"embeddable":true,"href":"https:\/\/poliisisurmat.poliisimuseo.fi\/sv\/wp-json\/wp\/v2\/pages\/3086"}],"wp:attachment":[{"href":"https:\/\/poliisisurmat.poliisimuseo.fi\/sv\/wp-json\/wp\/v2\/media?parent=3259"}],"curies":[{"name":"wp","href":"https:\/\/api.w.org\/{rel}","templated":true}]}}