{"id":3251,"date":"2025-09-08T07:59:29","date_gmt":"2025-09-08T07:59:29","guid":{"rendered":"https:\/\/inmemoriam.iwn.co\/nayttelyt\/verkkonayttelyyn-tutustuvalle\/poliisiylijohtajan-alkusanat\/"},"modified":"2025-11-28T10:07:09","modified_gmt":"2025-11-28T10:07:09","slug":"beredd-att-mota-farorna","status":"publish","type":"page","link":"https:\/\/poliisisurmat.poliisimuseo.fi\/sv\/utstallningar\/till-dig-som-tar-del-av-webbutstallningen\/beredd-att-mota-farorna\/","title":{"rendered":"Beredd att m\u00f6ta farorna"},"content":{"rendered":"\n<div class=\"section3-block\">\n\t<div class=\"acf-gallery-carousel\">\n\n\t\t<!-- Main Image Swiper -->\n\t\t<div class=\"swiper main-swiper\">\n\t\t\t<div class=\"swiper-wrapper\">\n\t\t\t\t\t\t\t\t\t\t\t\t\t\n\t\t\t\t\n\t\t\t\t\t<div class=\"swiper-slide\">\n\t\t\t\t\t\t<img decoding=\"async\" src=\"https:\/\/poliisisurmat.poliisimuseo.fi\/wp-content\/uploads\/2025\/10\/8Vr1_165-scaled.jpg\" alt=\"I en monter st\u00e5r en skulptur som f\u00f6rest\u00e4ller en mansfigur p\u00e5 kn\u00e4 ovanp\u00e5 en trappa. Figuren har en hj\u00e4lm i armarna. P\u00e5 v\u00e4ggen finns en tavla med texten till poliseden.P\u00e5 v\u00e4ggen finns en kl\u00e4tterv\u00e4xt.\" \/>\n\t\t\t\t\t\t<p class=\"image-caption\">Gipsf\u00f6rlaga till W\u00e4in\u00f6 Aaltonens monumentala hj\u00e4lteskulptur i r\u00f6d granit som uppf\u00f6rdes p\u00e5 Nyslotts kyrkog\u00e5rd 1921. Gipsskulpturen stod ursprungligen p\u00e5 Polisinstitutet i Esbo men flyttades 2008 till den nuvarande Polisyrkesh\u00f6gskolan i Tammerfors. Skulpturen f\u00f6rest\u00e4ller en naken s\u00f6rjande hj\u00e4lte med en grekisk hj\u00e4lm i armarna.<\/p>\n\t\t\t\t\t<\/div>\n\t\t\t\t\t\t\t\t\t\t\t\t\t\n\t\t\t\t\n\t\t\t\t\t<div class=\"swiper-slide\">\n\t\t\t\t\t\t<img decoding=\"async\" src=\"https:\/\/poliisisurmat.poliisimuseo.fi\/wp-content\/uploads\/2025\/10\/87vr1r6_69-scaled.jpg\" alt=\"Tegelv\u00e4gg med ljusa minnesplattor p\u00e5 vilka personens namn och d\u00f6dsdatum st\u00e5r skrivna. H\u00f6gst upp h\u00e4nger en stor platta med f\u00f6ljande text p\u00e5 finska: Polism\u00e4n som under sj\u00e4lvst\u00e4ndighetstiden m\u00f6tt en v\u00e5ldsam d\u00f6d i tj\u00e4nst.\" \/>\n\t\t\t\t\t\t<p class=\"image-caption\">Polisinstitutets minnesv\u00e4gg fr\u00e5n 1960-talet.  <\/p>\n\t\t\t\t\t<\/div>\n\t\t\t\t\t\t\t<\/div>\n\n\t\t\t<!-- Arrows -->\n\t\t\t<div class=\"swiper-button-prev\"><\/div>\n\t\t\t<div class=\"swiper-button-next\"><\/div>\n\t\t<\/div>\n\n\t\t<!-- Thumbnails Swiper -->\n\t\t<div class=\"swiper thumb-swiper\">\n\t\t\t<div class=\"swiper-wrapper\">\n\t\t\t\t\t\t\t\t\t<div class=\"swiper-slide\">\n\t\t\t\t\t\t<img decoding=\"async\" src=\"https:\/\/poliisisurmat.poliisimuseo.fi\/wp-content\/uploads\/2025\/10\/8Vr1_165-150x150.jpg\" alt=\"I en monter st\u00e5r en skulptur som f\u00f6rest\u00e4ller en mansfigur p\u00e5 kn\u00e4 ovanp\u00e5 en trappa. Figuren har en hj\u00e4lm i armarna. P\u00e5 v\u00e4ggen finns en tavla med texten till poliseden.P\u00e5 v\u00e4ggen finns en kl\u00e4tterv\u00e4xt.\" \/>\n\t\t\t\t\t<\/div>\n\t\t\t\t\t\t\t\t\t<div class=\"swiper-slide\">\n\t\t\t\t\t\t<img decoding=\"async\" src=\"https:\/\/poliisisurmat.poliisimuseo.fi\/wp-content\/uploads\/2025\/10\/87vr1r6_69-150x150.jpg\" alt=\"Tegelv\u00e4gg med ljusa minnesplattor p\u00e5 vilka personens namn och d\u00f6dsdatum st\u00e5r skrivna. H\u00f6gst upp h\u00e4nger en stor platta med f\u00f6ljande text p\u00e5 finska: Polism\u00e4n som under sj\u00e4lvst\u00e4ndighetstiden m\u00f6tt en v\u00e5ldsam d\u00f6d i tj\u00e4nst.\" \/>\n\t\t\t\t\t<\/div>\n\t\t\t\t\t\t\t<\/div>\n\t\t<\/div>\n\n\t<\/div>\n\n\t<div class=\"taso3-text\">\n\t\t\n\t\t<p>\n\t\t\t<p>Utst\u00e4llningen <em>In Memoriam \u2013 Poliser d\u00f6dade i tj\u00e4nst<\/em> \u00e4r en del av polisens minnes- och traditionsarbete. Utst\u00e4llningen \u00e4r en hedersbevisning till alla dem som har gjort den st\u00f6rsta uppoffringen f\u00f6r samh\u00e4llet. Med denna utst\u00e4llning vill vi b\u00e5de komma ih\u00e5g och hedra dem alla.<\/p>\n<p>Polisens kompetens testas varje dag, 24\/7, och i extremfall \u00e4r polisernas liv och h\u00e4lsa konkret i fara.\u00a0 Polisens uppgift \u00e4r att vara allas trygghet, under alla f\u00f6rh\u00e5llanden. I polisarbetet \u00e4r risken f\u00f6r att hamna i hotfulla och v\u00e5ldsamma situationer stor. Polisen tvingas ingripa i situationer som ingen annan ingriper i. Tyv\u00e4rr g\u00e5r det inte att helt och h\u00e5llet eliminera de risker som ing\u00e5r i polisarbetet.\u00a0 F\u00f6r att kunna skapa trygghet f\u00f6r andra m\u00e5ste polisen kunna skapa trygghet f\u00f6r sig sj\u00e4lv.<\/p>\n<p>L\u00e5ngsiktigt arbete f\u00f6r att fr\u00e4mja polisens arbetss\u00e4kerhet har p\u00e5g\u00e5tt i \u00e5rtionden. Arbetsgivaren \u00e4r skyldig att genom n\u00f6dv\u00e4ndiga \u00e5tg\u00e4rder s\u00f6rja f\u00f6r arbetstagarnas s\u00e4kerhet och h\u00e4lsosamhet i arbetet. Avg\u00f6rande f\u00f6r arbetss\u00e4kerheten \u00e4r de arbetstaktiker, skyddsv\u00e4star och andra skydds- och maktmedelsredskap som anv\u00e4nds inom polisen, in\u00f6vade kunskaper i f\u00f6rsta hj\u00e4lpen och f\u00f6rsta hj\u00e4lpen-utrustningen. Samordnade \u00e5tg\u00e4rder efter kritiska situationer och utbildning f\u00f6r hela personalen i hantering av kritiska situationer \u00e4r viktiga s\u00e4tt att f\u00f6rebygga den belastning som dessa situationer orsakar.<\/p>\n<p>Det \u00e4r dock viktigt att komma ih\u00e5g att polisen under ett uppdrag kan hamna i en farlig situation som det inte alltid g\u00e5r att f\u00f6rbereda sig p\u00e5 ens genom omsorgsfull planering och bra utrustning.\u00a0 Varje polis \u00e4r v\u00e4l medveten om de risker som \u00e4r f\u00f6rknippade med v\u00e5rt yrke. Priset \u00e4r alldeles f\u00f6r h\u00f6gt n\u00e4r riskerna blir verklighet.<\/p>\n<p>Polisens verksamhetsmilj\u00f6 genomg\u00e5r st\u00e4ndiga f\u00f6r\u00e4ndringar. Polisen m\u00e5ste alltid f\u00f6rbereda sig p\u00e5 \u00f6verraskande situationer s\u00e5v\u00e4l under ett enskilt arbetsskift som p\u00e5 strategisk niv\u00e5. Hela organisationen m\u00e5ste st\u00f6dja den enskilda polisens arbete med den b\u00e4sta utrustningen, utbildning och ledning och vi g\u00f6r allt f\u00f6r att dessa ska motsvara arbetskraven. N\u00e4r polisen uts\u00e4tts f\u00f6r ett hot reagerar vi ocks\u00e5 omedelbart och tar hotet p\u00e5 allvar.<\/p>\n<p>Under de senaste \u00e5ren har det varit n\u00f6dv\u00e4ndigt att bed\u00f6ma polisorganisationens och varje tj\u00e4nstemans s\u00e4kerhet p\u00e5 ett nytt s\u00e4tt. Den europeiska s\u00e4kerhetsmilj\u00f6n har rubbats efter Rysslands angrepp mot Ukraina och den tillspetsade situationen i Mellan\u00f6stern. Kriget har kommit oss n\u00e4ra och p\u00e5verkar vardagen p\u00e5 m\u00e5nga s\u00e4tt. Hatretorik, en fientlig inst\u00e4llning till myndigheter, riktade trakasserier och hybridp\u00e5verkan f\u00f6rekommer n\u00e4stan varje dag. N\u00e4r os\u00e4kerheten \u00f6kar \u00e4r det viktigt att polisen skapar stabilitet i samh\u00e4llet genom sin egen verksamhet och forts\u00e4tter att utf\u00f6ra sitt dagliga arbete med yrkesskicklighet och genom att fr\u00e4mja f\u00f6rsonlighet. V\u00e5r uppgift \u00e4r att tj\u00e4na och s\u00e4kerst\u00e4lla grundtrygghet f\u00f6r alla.<\/p>\n<p>F\u00f6r\u00e4ndringen i s\u00e4kerhetssituationen har ocks\u00e5 p\u00e5verkat polisens egen beredskap och egna f\u00f6rberedelser avsev\u00e4rt. Nya \u00e5tg\u00e4rder som \u00e4r f\u00f6rknippade med kraven p\u00e5 polisens operativa verksamhet och p\u00e5 att f\u00f6rb\u00e4ttra v\u00e5r egen arbetss\u00e4kerhet, \u00e4r bland annat att h\u00f6ja kvaliteten p\u00e5 maktmedels- och skyddsredskapen och ut\u00f6ka deras antal (t.ex. skotts\u00e4kra fordon) och ett flertal anskaffningar f\u00f6r att f\u00f6rb\u00e4ttra polisens funktionsf\u00f6rm\u00e5ga i m\u00f6rker. Den taktiska f\u00f6rhandlingsf\u00f6rm\u00e5gan och akutv\u00e5rden har utvecklats ytterligare och det har gjorts satsningar p\u00e5 lokals\u00e4kerheten. Prognostisering och myndighetssamarbete i anslutning till beredskap och f\u00f6rberedelser \u00e4r nu kanske viktigare \u00e4n n\u00e5gonsin i n\u00e4rhistorien.<\/p>\n<p>I forts\u00e4ttningen satsar vi \u00e4nnu mer p\u00e5 kriminalunderr\u00e4ttelse, hotbed\u00f6mning, insamling och behandling av information och l\u00e4gesmedvetenhet. Allvarliga hotfulla och farliga situationer, olyckor eller olycksfall som skett g\u00e5s noggrant igenom vid polisen samtidigt som v\u00e5r verksamhet p\u00e5 f\u00e4ltet, i ledningen, i utbildningen och p\u00e5 strategisk niv\u00e5 bed\u00f6ms. M\u00e5let med detta arbete \u00e4r att vi ska l\u00e4ra oss och hitta f\u00f6rslag p\u00e5 hur vi i forts\u00e4ttningen kan f\u00f6rb\u00e4ttra v\u00e5r verksamhet och str\u00e4va efter att f\u00f6rhindra motsvarande situationer. En betydande utveckling har skett \u00e4ven via detta arbete.<\/p>\n<p>De poliser som d\u00f6tt i tj\u00e4nst f\u00e5r vi inte tillbaka trots str\u00e4vanden och \u00e5tg\u00e4rder f\u00f6r att f\u00f6rb\u00e4ttra arbetss\u00e4kerheten p\u00e5 m\u00e5nga olika s\u00e4tt. Riktigt allt kan vi tyv\u00e4rr inte alltid ens f\u00f6rutse. Vi g\u00f6r allt f\u00f6r att fr\u00e4mja polisens arbetss\u00e4kerhet s\u00e5 att vi inte f\u00f6rlorar v\u00e5ra kollegor. Detta arbete p\u00e5g\u00e5r varje dag.<\/p>\n<p>L\u00e5t oss hedra minnet av de avlidna polishj\u00e4ltar som har d\u00f6tt i tj\u00e4nsteuppdrag och som d\u00e4rmed har gett samh\u00e4llet en st\u00f6rre uppoffring \u00e4n vad det kan kr\u00e4va av n\u00e5gon.<\/p>\n<p>Ilkka Koskim\u00e4ki<br \/>\nPolis\u00f6verdirekt\u00f6r<\/p>\n\t\t<\/p>\n\t<\/div>\n\n<\/div>\n\n","protected":false},"excerpt":{"rendered":"","protected":false},"author":1,"featured_media":0,"parent":3086,"menu_order":0,"comment_status":"closed","ping_status":"closed","template":"","meta":{"_acf_changed":false,"footnotes":""},"class_list":["post-3251","page","type-page","status-publish"],"acf":[],"_links":{"self":[{"href":"https:\/\/poliisisurmat.poliisimuseo.fi\/sv\/wp-json\/wp\/v2\/pages\/3251","targetHints":{"allow":["GET"]}}],"collection":[{"href":"https:\/\/poliisisurmat.poliisimuseo.fi\/sv\/wp-json\/wp\/v2\/pages"}],"about":[{"href":"https:\/\/poliisisurmat.poliisimuseo.fi\/sv\/wp-json\/wp\/v2\/types\/page"}],"author":[{"embeddable":true,"href":"https:\/\/poliisisurmat.poliisimuseo.fi\/sv\/wp-json\/wp\/v2\/users\/1"}],"replies":[{"embeddable":true,"href":"https:\/\/poliisisurmat.poliisimuseo.fi\/sv\/wp-json\/wp\/v2\/comments?post=3251"}],"version-history":[{"count":8,"href":"https:\/\/poliisisurmat.poliisimuseo.fi\/sv\/wp-json\/wp\/v2\/pages\/3251\/revisions"}],"predecessor-version":[{"id":4272,"href":"https:\/\/poliisisurmat.poliisimuseo.fi\/sv\/wp-json\/wp\/v2\/pages\/3251\/revisions\/4272"}],"up":[{"embeddable":true,"href":"https:\/\/poliisisurmat.poliisimuseo.fi\/sv\/wp-json\/wp\/v2\/pages\/3086"}],"wp:attachment":[{"href":"https:\/\/poliisisurmat.poliisimuseo.fi\/sv\/wp-json\/wp\/v2\/media?parent=3251"}],"curies":[{"name":"wp","href":"https:\/\/api.w.org\/{rel}","templated":true}]}}