{"id":3135,"date":"2025-10-09T05:39:01","date_gmt":"2025-10-09T05:39:01","guid":{"rendered":"https:\/\/inmemoriam.iwn.co\/nayttelyt\/poliisi-on-tavallinen-ihminen\/tyoyhteiso-surun-keskella\/"},"modified":"2025-11-27T09:45:26","modified_gmt":"2025-11-27T09:45:26","slug":"nar-arbetsgemenskapen-drabbas-av-sorg","status":"publish","type":"page","link":"https:\/\/poliisisurmat.poliisimuseo.fi\/sv\/utstallningar\/polisen-ar-en-vanlig-manniska-med-ovanliga-arbetsuppgifter\/nar-arbetsgemenskapen-drabbas-av-sorg\/","title":{"rendered":"N\u00e4r arbetsgemenskapen drabbas av sorg"},"content":{"rendered":"\n<div class=\"section3-block\">\n\t<div class=\"acf-gallery-carousel\">\n\n\t\t<!-- Main Image Swiper -->\n\t\t<div class=\"swiper main-swiper\">\n\t\t\t<div class=\"swiper-wrapper\">\n\t\t\t\t\t\t\t\t\t\t\t\t\t\n\t\t\t\t\n\t\t\t\t\t<div class=\"swiper-slide\">\n\t\t\t\t\t\t<img decoding=\"async\" src=\"https:\/\/poliisisurmat.poliisimuseo.fi\/wp-content\/uploads\/2025\/10\/8Vr1_31-scaled.jpg\" alt=\"Svartvitt vinterfoto med flera flaggor p\u00e5 halvst\u00e5ng utanf\u00f6r en byggnad. Framf\u00f6r byggnaden st\u00e5r flera bilar parkerade, och bakom byggnaden finns skog.\" \/>\n\t\t\t\t\t\t<p class=\"image-caption\">Flaggor p\u00e5 halvst\u00e5ng vid Polisinstitutet efter polismorden i Pihtipudas 1969.<\/p>\n\t\t\t\t\t<\/div>\n\t\t\t\t\t\t\t\t\t\t\t\t\t\n\t\t\t\t\n\t\t\t\t\t<div class=\"swiper-slide\">\n\t\t\t\t\t\t<img decoding=\"async\" src=\"https:\/\/poliisisurmat.poliisimuseo.fi\/wp-content\/uploads\/2025\/10\/4Vr5_2911-scaled.jpg\" alt=\"Svartvitt fotografi av ett begravningst\u00e5g med en bil l\u00e4ngst fram. Bilen \u00e4r omgiven av uniformskl\u00e4dda poliser. Bakom bilen g\u00e5r poliser i ett l\u00e5ngt led, och en del av dem b\u00e4r p\u00e5 instrument. Det \u00e4r vinter. I bakgrunden finns stora nyklassiska byggnader med sn\u00f6 p\u00e5 taken.\" \/>\n\t\t\t\t\t\t<p class=\"image-caption\">\u00c4ldre konstapel Reino Harjunp\u00e4\u00e4 dog i tj\u00e4nst i Helsingfors 17.2.1966, och hans jordf\u00e4stning \u00e4gde rum i Jalasj\u00e4rvi 27.2.1966. P\u00e5 bilden f\u00f6rs kistan genom Helsingfors centrum till j\u00e4rnv\u00e4gsstationen f\u00f6r vidare transport till Jalasj\u00e4rvi.<\/p>\n\t\t\t\t\t<\/div>\n\t\t\t\t\t\t\t<\/div>\n\n\t\t\t<!-- Arrows -->\n\t\t\t<div class=\"swiper-button-prev\"><\/div>\n\t\t\t<div class=\"swiper-button-next\"><\/div>\n\t\t<\/div>\n\n\t\t<!-- Thumbnails Swiper -->\n\t\t<div class=\"swiper thumb-swiper\">\n\t\t\t<div class=\"swiper-wrapper\">\n\t\t\t\t\t\t\t\t\t<div class=\"swiper-slide\">\n\t\t\t\t\t\t<img decoding=\"async\" src=\"https:\/\/poliisisurmat.poliisimuseo.fi\/wp-content\/uploads\/2025\/10\/8Vr1_31-150x150.jpg\" alt=\"Svartvitt vinterfoto med flera flaggor p\u00e5 halvst\u00e5ng utanf\u00f6r en byggnad. Framf\u00f6r byggnaden st\u00e5r flera bilar parkerade, och bakom byggnaden finns skog.\" \/>\n\t\t\t\t\t<\/div>\n\t\t\t\t\t\t\t\t\t<div class=\"swiper-slide\">\n\t\t\t\t\t\t<img decoding=\"async\" src=\"https:\/\/poliisisurmat.poliisimuseo.fi\/wp-content\/uploads\/2025\/10\/4Vr5_2911-150x150.jpg\" alt=\"Svartvitt fotografi av ett begravningst\u00e5g med en bil l\u00e4ngst fram. Bilen \u00e4r omgiven av uniformskl\u00e4dda poliser. Bakom bilen g\u00e5r poliser i ett l\u00e5ngt led, och en del av dem b\u00e4r p\u00e5 instrument. Det \u00e4r vinter. I bakgrunden finns stora nyklassiska byggnader med sn\u00f6 p\u00e5 taken.\" \/>\n\t\t\t\t\t<\/div>\n\t\t\t\t\t\t\t<\/div>\n\t\t<\/div>\n\n\t<\/div>\n\n\t<div class=\"taso3-text\">\n\t\t\n\t\t<p>\n\t\t\t<p><em>Inte ett enda uppdrag borde f\u00e5 l\u00e4mna en tom uniform efter sig. I dag \u00e4r vi m\u00e5nga som t\u00e4nker p\u00e5 en kollega som dog i tj\u00e4nst f\u00f6r fem \u00e5r sedan.\u00a0 <strong>Polisinr\u00e4ttningen i V\u00e4stra Nyland, Facebookinl\u00e4gg den 17 juni 2021<\/strong><\/em><\/p>\n<p>Det \u00e4r alltid en enorm chock f\u00f6r arbetsgemenskapen om en kollega d\u00f6r i tj\u00e4nst.\u00a0 Det sker pl\u00f6tsligt och ov\u00e4ntat. Oftast har den n\u00e4rmaste patrullkamraten eller medlemmarna i insatsenheten varit n\u00e4rvarande i situationen. F\u00f6r dem \u00e4r situationen s\u00e4rskilt sv\u00e5r. F\u00f6r att g\u00e5 igenom en traumatisk situation har polisen numera f\u00f6rst debriefing och senare traumaworkshopar och f\u00f6retagsh\u00e4lsov\u00e5rdstj\u00e4nster.\u00a0 Polisinr\u00e4ttningen i Helsingfors har dessutom en polispr\u00e4st som man kan diskutera med om man vill.<\/p>\n<p>Att de n\u00e4rmaste arbetskamraterna f\u00e5r samtala och minnas \u00e4r en viktig del av sorgearbetet.\u00a0 M\u00e5nga poliser har betonat vikten av detta.\u00a0 Numera har det blivit allt viktigare att skydda polisens n\u00e4rst\u00e5endes och arbetsgemenskapens integritet, eftersom det vanligen blir en huvudnyhet om en polis har d\u00f6tt i tj\u00e4nst.\u00a0 Det \u00e4r belastande f\u00f6r b\u00e5de arbetsgemenskapen och de anh\u00f6riga att eventuella rykten sprids i sociala medier och olika diskussionsforum. De kan till och med ha en negativ inverkan p\u00e5 utredningen.<\/p>\n<p>Polisen har traditionellt kollektivt s\u00f6rjt och deltagit i sorgen n\u00e4r en anst\u00e4lld har d\u00f6tt. N\u00e4r en person l\u00e4mnar leden, s\u00e4rskilt om det sker till f\u00f6ljd av yttre v\u00e5ld, ber\u00f6rs alla i organisationen och farorna i polisyrket konkretiseras.\u00a0 Nekrologer publicerades i tidningarna Suomen Poliisilehti och Poliisimies. Numera n\u00e5r nekrologerna p\u00e5 polisenheternas Facebookprofil ocks\u00e5 medborgarna, som kan visa empati och delta i sorgen. Det \u00e4r vanligt att f\u00f6ra ljus, sm\u00e5 minnesf\u00f6rem\u00e5l och kondoleansmeddelanden till h\u00e4ndelseplatsen. I ett Facebookinl\u00e4gg fr\u00e5n polisinr\u00e4ttningen i \u00d6stra Nyland den 18 juni 2016 skrev en person under signaturen Ylikonstu Porvoosta s\u00e5 h\u00e4r:<\/p>\n<p><em>Jag vill \u2013 p\u00e5 alla polisers v\u00e4gnar \u2013 framf\u00f6ra mitt uppriktiga tack till alla som l\u00e4st, delat, gillat och kommenterat mitt inl\u00e4gg!<\/em><\/p>\n<p><em>Det st\u00f6d som finska polisen har f\u00e5tt p\u00e5 detta s\u00e4tt hj\u00e4lper oss att orka arbeta f\u00f6r allas v\u00e5r s\u00e4kerhet \u2013 tack!<\/em><\/p>\n<p><em>En bl\u00e5 stj\u00e4rna.<\/em><\/p>\n<p><em>S\u00e5g du en bl\u00e5 stj\u00e4rna p\u00e5 himlen i g\u00e5r kv\u00e4ll? Jag missade den. Hade jag sett den skulle jag ha stannat f\u00f6r att tyst visa respekt. En bl\u00e5 stj\u00e4rna tindrar som tecken p\u00e5 att en kollega som \u00f6vervakat s\u00e4kerheten i fosterlandet har avlidit i tj\u00e4nst.<\/em><\/p>\n<p><em>Jag s\u00e5g inte den bl\u00e5a stj\u00e4rnan denna g\u00e5ng. Om sanningen ska fram skulle jag aldrig vilja se den! P\u00e5 Finlands himmel \u00e4r en bl\u00e5 stj\u00e4rna lyckligtvis en s\u00e4llsynt syn.<\/em><\/p>\n<p><em>Finns det ens s\u00e5dana? Hur som helst \u2013 rikta blicken mot himlen du ocks\u00e5 i dag och l\u00e5t fantasin hj\u00e4lpa dig att f\u00e5 syn p\u00e5 en s\u00e5dan stj\u00e4rna. Hedra dem som har drabbats av en f\u00f6rlust med en tyst minut.<\/em><\/p>\n<p><em>Delta i den sorg som drabbat de n\u00e4rst\u00e5ende, arbetsgemenskapen, hela tj\u00e4nstemannak\u00e5ren och oss alla \u2013 en av dem som arbetat f\u00f6r allas v\u00e5r s\u00e4kerhet \u00e4r borta!<\/em><\/p>\n<p><em>Under n\u00e4sta nattskift blickar jag mot himlen&#8230;<\/em><\/p>\n<p>Efter att en polis d\u00f6dats i Vichtis 2016 anv\u00e4nde m\u00e5nga poliser symbolen <em>blue thin line<\/em> i sina profiler i sociala medier som ett tecken p\u00e5 deltagande och sorg.\u00a0 Det \u00e4r en symbol f\u00f6r m\u00e4nniskor som \u00e4r redo att skydda det de upplever vara viktigt. Gr\u00e4nsen mellan kaos och samh\u00e4llet \u00e4r tunn. \u00c4ven andra myndigheter har motsvarande symboler; r\u00e4ddningspersonalen har till exempel <em>red thin line<\/em> och f\u00f6rsvarsmakten <em>green thin line<\/em>.\u00a0 I de sociala medierna kan man komma ih\u00e5g en kollega m\u00e5nga \u00e5r efter h\u00e4ndelsen till exempel p\u00e5 \u00e5rsdagen.<\/p>\n<p>I arbetsgemenskapen uttrycks sorgen p\u00e5 m\u00e5nga olika men traditionella s\u00e4tt.\u00a0 P\u00e5 den avlidne polisens arbetsplats placeras ett fotografi och en blombukett eller ett ljus bredvid fotografiet.\u00a0 Dessutom hedras minnet av kollegan med en tyst minut vid alla polisinr\u00e4ttningar samtidigt.<\/p>\n<p>Vid vissa polisenheter finns en minnestavla \u00f6ver personer som d\u00f6tt i tj\u00e4nst. Polisinstitutets studentk\u00e5r uppf\u00f6rde p\u00e5 1960-talet en riksomfattande v\u00e4gg med minnestavlor. Avsikten var att namnen p\u00e5 alla poliser som d\u00f6tt i tj\u00e4nst under sj\u00e4lvst\u00e4ndighetstiden skulle finnas p\u00e5 v\u00e4ggen. Tavlorna flyttades till Polisyrkesh\u00f6gskolan 2008.\u00a0 F\u00f6r n\u00e4rvarande finns det 131 tavlor. Vid tavlorna ordnas varje \u00e5r en minnesstund som bland annat representanter f\u00f6r polisenheterna, fackf\u00f6rbundet SPJL och de anh\u00f6riga f\u00e5r inbjudan att delta i. Polisyrkesh\u00f6gskolan har en minnesr\u00f6nn (pihlaja p\u00e5 finska) till minne av \u00e4ldre konstapel Kuisma Pihlaja som dog under en \u00f6vning 1997. Poliserna som d\u00f6dades i Pihtipudas 1969 har f\u00e5tt ett eget minnesm\u00e4rke.<\/p>\n<p>N\u00e4r en polis har d\u00f6tt i tj\u00e4nst \u00e4r begravningen ofta varit en stor offentlig h\u00e4ndelse.\u00a0 \u00c4ldre konstapel Reino Harjunp\u00e4\u00e4 d\u00f6dades i tj\u00e4nst den 17 februari 1966 och jordf\u00e4stes i Jalasj\u00e4rvi den 27 februari 1966. Helsingforsarna f\u00f6ljde kistans v\u00e4g fr\u00e5n Senatstorget till j\u00e4rnv\u00e4gsstationen. Kistan transporterades sedan med t\u00e5g till Jalasj\u00e4rvi. I jordf\u00e4stningen av \u00f6verkonstapel Eero Holsti och \u00e4ldre konstapel Antero Palo som d\u00f6dades p\u00e5 Fabriksgatan deltog f\u00f6rutom h\u00f6gsta polisledningen \u00e4ven statsminister Paavo Lipponen och inrikesminister Ralf-Erik Enestam.<\/p>\n<p>Jordf\u00e4stningen \u00e4r ett tillf\u00e4lle att ta ett sista farv\u00e4l av en patrullkamrat och en medlem av arbetsgemenskapen. De n\u00e4rmaste arbetskamraterna b\u00e4r ofta kistan och vid ing\u00e5ngen till kyrkan st\u00e5r poliserna hedersvakt. \u00c4ldre konstapel Antti Murtom\u00e4ki dog den 14 februari 1993 av de skador han f\u00e5tt n\u00e4r han f\u00f6rs\u00f6kt stoppa en bil p\u00e5 flykt den 5 februari 1993. \u00c4ldre konstapel Esa Elenius, som var Murtom\u00e4kis patrullkamrat, hundf\u00f6rare, i sex \u00e5r kommer ih\u00e5g jordf\u00e4stningen:<\/p>\n<p><em>Anttis begravning 93 h\u00f6lls under h\u00f6gtidliga former i kyrkan i Lappo d\u00e4r han var f\u00f6dd. P\u00e5 plats var h\u00f6gsta ledningen med Urponen i spetsen och massor av arbetskamrater. Kyrkan var fylld av Lappobor. Efter jordf\u00e4stningen i kyrkan och talen och maten i f\u00f6rsamlingshemmet \u00e5kte vi till begravningsplatsen i Simpsi\u00f6. Medan n\u00e5gra musiker fr\u00e5n Helsingfors polismusikk\u00e5r spelade Narvamarschen skuffade vi som arbetat i samma skift likvagnen l\u00e4ngs den l\u00e5nga g\u00e5ngen p\u00e5 begravningsplatsen. Det \u00e4r om\u00f6jligt att tro att kistan p\u00e5 vagnen och mannen i kistan \u00e4r den man suttit med i samma bil i sex \u00e5r! N\u00e4r Narvamarschen och pukorna d\u00e5nade k\u00e4ndes det som om vi fast skulle kunna er\u00f6vra Ryssland. <strong>Esa Elenius, e-postmeddelande den 23 september 2025. <\/strong><\/em><\/p>\n<p>I april 2025 ordnades Skydds\u00e4ngel-konserter p\u00e5 tre orter f\u00f6r att hedra poliser som d\u00f6tt och invalidiserats. Konserterna ordnades i samarbete med polisinr\u00e4ttningarna i Helsingfors, Tavastland och \u00d6stra Nyland, Finlands Polisorganisationers F\u00f6rbund och Poliisin Tuki ry. Poliisin Tuki ry samordnade int\u00e4kterna fr\u00e5n f\u00f6rs\u00e4ljningen av programblad till poliser som invalidiserats i tj\u00e4nsten.<\/p>\n\t\t<\/p>\n\t<\/div>\n\n<\/div>\n\n","protected":false},"excerpt":{"rendered":"","protected":false},"author":1,"featured_media":0,"parent":3097,"menu_order":0,"comment_status":"closed","ping_status":"closed","template":"","meta":{"_acf_changed":false,"footnotes":""},"class_list":["post-3135","page","type-page","status-publish"],"acf":[],"_links":{"self":[{"href":"https:\/\/poliisisurmat.poliisimuseo.fi\/sv\/wp-json\/wp\/v2\/pages\/3135","targetHints":{"allow":["GET"]}}],"collection":[{"href":"https:\/\/poliisisurmat.poliisimuseo.fi\/sv\/wp-json\/wp\/v2\/pages"}],"about":[{"href":"https:\/\/poliisisurmat.poliisimuseo.fi\/sv\/wp-json\/wp\/v2\/types\/page"}],"author":[{"embeddable":true,"href":"https:\/\/poliisisurmat.poliisimuseo.fi\/sv\/wp-json\/wp\/v2\/users\/1"}],"replies":[{"embeddable":true,"href":"https:\/\/poliisisurmat.poliisimuseo.fi\/sv\/wp-json\/wp\/v2\/comments?post=3135"}],"version-history":[{"count":6,"href":"https:\/\/poliisisurmat.poliisimuseo.fi\/sv\/wp-json\/wp\/v2\/pages\/3135\/revisions"}],"predecessor-version":[{"id":4138,"href":"https:\/\/poliisisurmat.poliisimuseo.fi\/sv\/wp-json\/wp\/v2\/pages\/3135\/revisions\/4138"}],"up":[{"embeddable":true,"href":"https:\/\/poliisisurmat.poliisimuseo.fi\/sv\/wp-json\/wp\/v2\/pages\/3097"}],"wp:attachment":[{"href":"https:\/\/poliisisurmat.poliisimuseo.fi\/sv\/wp-json\/wp\/v2\/media?parent=3135"}],"curies":[{"name":"wp","href":"https:\/\/api.w.org\/{rel}","templated":true}]}}