{"id":3091,"date":"2025-09-04T06:07:12","date_gmt":"2025-09-04T06:07:12","guid":{"rendered":"https:\/\/inmemoriam.iwn.co\/valmiina-kohtaamaan-vaarat\/"},"modified":"2025-11-26T06:10:32","modified_gmt":"2025-11-26T06:10:32","slug":"beredd-att-mota-farorna","status":"publish","type":"page","link":"https:\/\/poliisisurmat.poliisimuseo.fi\/sv\/utstallningar\/beredd-att-mota-farorna\/","title":{"rendered":"Beredd att m\u00f6ta farorna"},"content":{"rendered":"\t<div style=\"color:#fff;\" class=\"ingressi\">\n\t\t<p><em>Jag lovar att efter b\u00e4sta kunskap och f\u00f6rm\u00e5ga alltid och under alla omst\u00e4ndigheter uppf\u00f6ra mig s\u00e5 att det \u00e4r f\u00f6renligt med polisens anseende..<br \/>\nJag respekterar allas r\u00e4ttigheter och m\u00e4nniskov\u00e4rde.<br \/>\nJag anv\u00e4nder mina polisbefogenheter p\u00e5 det s\u00e4tt som lagstiftaren har avsett.<br \/>\nJag lyder mina f\u00f6rm\u00e4ns order och \u00e4r beredd att m\u00f6ta de faror som \u00e4r f\u00f6rknippade med polisyrket.<br \/>\nJag \u00e4r \u00f6ppen och fr\u00e4mjar f\u00f6rsonlighet.<br \/>\nJag \u00e4r p\u00e5litlig och hj\u00e4lpsam och bidrar till att st\u00e4rka sammanh\u00e5llningen inom yrkesk\u00e5ren.<br \/>\nJag \u00e4r r\u00e4ttvis och beaktar hela arbetsgemenskapens b\u00e4sta.<br \/>\nS\u00e5 h\u00e4r vill jag tj\u00e4nstg\u00f6ra som polis.<br \/>\n<strong>Polisens etiska ed<\/strong><\/em><\/p>\n<p>Nyutexaminerade poliser avl\u00e4gger sedan 2001 en etisk ed. Syftet \u00e4r att de ska vara medvetna om och f\u00f6rst\u00e5 de v\u00e4rderingar och f\u00f6rfaringss\u00e4tt som f\u00f6rv\u00e4ntas av polisen i Finland. Eden \u00e4r inte juridiskt bindande, men genom att avl\u00e4gga den betonas ansvaret i att arbeta som polis.<\/p>\n<p>Den farligaste tidsperioden f\u00f6r myndigheterna var under de tre f\u00f6rsta \u00e5rtiondena efter att v\u00e5rt land blivit sj\u00e4lvst\u00e4ndigt (1918\u20131949). Under denna period intr\u00e4ffade n\u00e4stan tre fj\u00e4rdedelar av alla d\u00f6dsfall bland poliser. P\u00e5 den tiden var polisens arbete livsfarligt p\u00e5 grund av de instabila f\u00f6rh\u00e5llandena, v\u00e5gen av brottslighet under f\u00f6rbudslagstiden och den korta och tidvis bristf\u00e4lliga utbildningen.\u00a0 \u00c5rtiondena p\u00e5 2000-talet har statistiskt sett varit de s\u00e4kraste, vilket \u00e5terspeglar polisens satsning p\u00e5 utbildning och arbetss\u00e4kerhet.<\/p>\n<p>Denna \u00f6versikt granskar orsakerna och motiven till fallen d\u00e4r poliser d\u00f6tt i tj\u00e4nst, omst\u00e4ndigheterna i anslutning till g\u00e4rningarna, g\u00e4rningss\u00e4tten och offrens profiler. S\u00e4rskilt situationer som omfattat gripande, st\u00f6rningar p\u00e5 allm\u00e4nna platser och hemutryckningar har varit riskabla f\u00f6r polisen.<\/p>\n<p>Polisens arbete \u00e4r f\u00f6rknippat med risker och polisen m\u00e5ste vara beredd att reagera p\u00e5 riskerna. Fallen d\u00e4r poliser d\u00f6tt i tj\u00e4nst \u00e4r en allvarlig p\u00e5minnelse om dessa faror.\u00a0 Yrket har kr\u00e4vt det h\u00f6gsta m\u00f6jliga priset, det egna livet.<\/p>\n\t<\/div>\n<div class=\"section2-block\">\n<div class=\"nayttelyiden-sivut\"><\/div>\t<div class=\"nayttely-kuva\">\n\t\t<img decoding=\"async\" src=\"https:\/\/poliisisurmat.poliisimuseo.fi\/wp-content\/uploads\/2025\/10\/3506-scaled.jpg\"\/>\n\t\t<p class=\"image-caption\">Nyblivna poliser avger en etisk ed i vilken de lovar att de \u00e4r beredda att m\u00f6ta farorna i yrket. \u00a9Polisen.<\/p>\n\t<\/div>\n\t\n<\/div>","protected":false},"excerpt":{"rendered":"","protected":false},"author":1,"featured_media":0,"parent":3108,"menu_order":0,"comment_status":"closed","ping_status":"closed","template":"","meta":{"_acf_changed":false,"footnotes":""},"class_list":["post-3091","page","type-page","status-publish"],"acf":[],"_links":{"self":[{"href":"https:\/\/poliisisurmat.poliisimuseo.fi\/sv\/wp-json\/wp\/v2\/pages\/3091","targetHints":{"allow":["GET"]}}],"collection":[{"href":"https:\/\/poliisisurmat.poliisimuseo.fi\/sv\/wp-json\/wp\/v2\/pages"}],"about":[{"href":"https:\/\/poliisisurmat.poliisimuseo.fi\/sv\/wp-json\/wp\/v2\/types\/page"}],"author":[{"embeddable":true,"href":"https:\/\/poliisisurmat.poliisimuseo.fi\/sv\/wp-json\/wp\/v2\/users\/1"}],"replies":[{"embeddable":true,"href":"https:\/\/poliisisurmat.poliisimuseo.fi\/sv\/wp-json\/wp\/v2\/comments?post=3091"}],"version-history":[{"count":3,"href":"https:\/\/poliisisurmat.poliisimuseo.fi\/sv\/wp-json\/wp\/v2\/pages\/3091\/revisions"}],"predecessor-version":[{"id":3891,"href":"https:\/\/poliisisurmat.poliisimuseo.fi\/sv\/wp-json\/wp\/v2\/pages\/3091\/revisions\/3891"}],"up":[{"embeddable":true,"href":"https:\/\/poliisisurmat.poliisimuseo.fi\/sv\/wp-json\/wp\/v2\/pages\/3108"}],"wp:attachment":[{"href":"https:\/\/poliisisurmat.poliisimuseo.fi\/sv\/wp-json\/wp\/v2\/media?parent=3091"}],"curies":[{"name":"wp","href":"https:\/\/api.w.org\/{rel}","templated":true}]}}